{"id":125,"date":"2021-12-15T10:47:02","date_gmt":"2021-12-15T09:47:02","guid":{"rendered":"http:\/\/s890643968.online.de\/?page_id=125"},"modified":"2022-09-20T18:25:49","modified_gmt":"2022-09-20T16:25:49","slug":"proteccion-de-datos","status":"publish","type":"page","link":"https:\/\/the-heidelberg.de\/es\/proteccion-de-datos\/","title":{"rendered":"Protecci\u00f3n de datos\ufffc\u00a0"},"content":{"rendered":"\t\t<div data-elementor-type=\"wp-page\" data-elementor-id=\"125\" class=\"elementor elementor-125\" data-elementor-settings=\"[]\">\n\t\t\t\t\t\t\t<div class=\"elementor-section-wrap\">\n\t\t\t\t\t\t\t<section class=\"elementor-section elementor-top-section elementor-element elementor-element-62f819f5 elementor-section-boxed elementor-section-height-default elementor-section-height-default\" data-id=\"62f819f5\" data-element_type=\"section\">\n\t\t\t\t\t\t<div class=\"elementor-container elementor-column-gap-default\">\n\t\t\t\t\t<div class=\"elementor-column elementor-col-100 elementor-top-column elementor-element elementor-element-7ff6a861\" data-id=\"7ff6a861\" data-element_type=\"column\">\n\t\t\t<div class=\"elementor-widget-wrap elementor-element-populated\">\n\t\t\t\t\t\t\t\t<div class=\"elementor-element elementor-element-e1ad4e3 elementor-widget elementor-widget-heading\" data-id=\"e1ad4e3\" data-element_type=\"widget\" data-widget_type=\"heading.default\">\n\t\t\t\t<div class=\"elementor-widget-container\">\n\t\t\t<h1 class=\"elementor-heading-title elementor-size-default\">Declaraci\u00f3n de Protecci\u00f3n de Datos <\/h1>\t\t<\/div>\n\t\t\t\t<\/div>\n\t\t\t\t<section class=\"elementor-section elementor-inner-section elementor-element elementor-element-6fc94abf elementor-reverse-tablet elementor-reverse-mobile elementor-section-boxed elementor-section-height-default elementor-section-height-default\" data-id=\"6fc94abf\" data-element_type=\"section\">\n\t\t\t\t\t\t<div class=\"elementor-container elementor-column-gap-default\">\n\t\t\t\t\t<div class=\"elementor-column elementor-col-100 elementor-inner-column elementor-element elementor-element-1853623a\" data-id=\"1853623a\" data-element_type=\"column\">\n\t\t\t<div class=\"elementor-widget-wrap elementor-element-populated\">\n\t\t\t\t\t\t\t\t<div class=\"elementor-element elementor-element-34d4121f elementor-widget elementor-widget-text-editor\" data-id=\"34d4121f\" data-element_type=\"widget\" data-widget_type=\"text-editor.default\">\n\t\t\t\t<div class=\"elementor-widget-container\">\n\t\t\t\t\t\t\t<p><b><span data-contrast=\"auto\">Informaciones:<\/span><\/b>\u00a0<br \/><span data-contrast=\"auto\">En nuestra declaraci\u00f3n de protecci\u00f3n de datos puede obtener unas informaciones generales y sencillas de qu\u00e9 y por qu\u00e9 sucede con sus datos personales cuando visita nuestro sitio web o se pone en contacto con nosotros a trav\u00e9s de \u00e9ste.<\/span><span data-ccp-props=\"{&quot;134233117&quot;:true,&quot;134233118&quot;:true}\">\u00a0<\/span><\/p><p><b><span data-contrast=\"auto\">Cookies<\/span><\/b>\u00a0<br \/><span data-contrast=\"auto\">No se almacenan cookies en su ordenador cuando visita nuestro sitio web.<\/span><span data-ccp-props=\"{&quot;134233117&quot;:true,&quot;134233118&quot;:true}\">\u00a0<\/span><\/p><p><b><span data-contrast=\"auto\">Uso de nuestro sitio web<\/span><\/b>\u00a0<br \/><span data-contrast=\"auto\">El uso de nuestro sitio web es posible sin transferir datos personales. Sus datos personales (por ejemplo: nombre, direcci\u00f3n, correo electr\u00f3nico, n\u00famero de tel\u00e9fono, etc.) s\u00f3lo ser\u00e1n procesados por el tr\u00e1fico de correo electr\u00f3nico y de acuerdo con las disposiciones de la ley alemana de protecci\u00f3n de datos.<\/span>\u00a0<br \/><span data-contrast=\"auto\">Sus datos personales no ser\u00e1n transferidos a terceros.<\/span><span data-ccp-props=\"{&quot;134233117&quot;:true,&quot;134233118&quot;:true}\">\u00a0<\/span><\/p><p>\u00a0<br \/><span data-contrast=\"auto\">Se\u00f1alamos que la transmisi\u00f3n de datos en Internet (por ejemplo, cuando se comunica por correo electr\u00f3nico o a trav\u00e9s de nuestro formulario de contacto) puede tener vulnerabilidades de seguridad que est\u00e1n fuera de nuestro control. En \u00faltima instancia, no se puede garantizar una protecci\u00f3n completa de los datos transmitidos contra el acceso de terceros.<\/span><span data-ccp-props=\"{&quot;134233117&quot;:true,&quot;134233118&quot;:true}\">\u00a0<\/span><\/p><p><b><span data-contrast=\"auto\">Recogida de informaciones generales al visitar nuestro sitio web para el an\u00e1lisis del comportamiento general de los usuarios<\/span><\/b>\u00a0<br \/><span data-contrast=\"auto\">Por razones t\u00e9cnicas, su navegador de Internet autom\u00e1ticamente transmite datos al servidor correspondiente cuando accede a los sitios web. All\u00ed, se almacenan de forma an\u00f3nima en logs junto con cientos de datos de otros visitantes. Lo mismo ocurre en nuestro sitio web.<\/span>\u00a0<br \/><span data-contrast=\"auto\">Los datos transferidos incluyen la fecha y la hora de acceso, la URL del sitio web de referencia, los archivos a los que se accede, la cantidad de datos enviados, el tipo y la versi\u00f3n del navegador, el sistema operativo y su direcci\u00f3n IP.<\/span>\u00a0<br \/><span data-contrast=\"auto\">Estos datos se almacenan de forma totalmente separada de otros datos que usted introduce en el curso de nuestra correspondencia. No se pretende ni es posible una asignaci\u00f3n de estos datos a sus datos personales. Estos datos generales de los logs se eval\u00faan con fines estad\u00edsticos y se eliminan despu\u00e9s de un m\u00e1ximo de 60\u202fd\u00edas.<\/span>\u00a0<br \/><span data-contrast=\"auto\">La base para el tratamiento de datos es el art\u00edculo\u202f6, apartado\u202f1, letra\u202fb del RGPD que permite el tratamiento de datos para la ejecuci\u00f3n de un contrato o de medidas precontractuales. Debido a las directrices de protecci\u00f3n de datos personales, las direcciones IP de los visitantes en los archivos de registro se anonimizan con una &#8222;x&#8220; despu\u00e9s de 7 d\u00edas.<\/span><span data-ccp-props=\"{&quot;134233117&quot;:true,&quot;134233118&quot;:true}\">\u00a0<\/span><\/p><p><b><span data-contrast=\"auto\">Recogida de datos para la utilizaci\u00f3n \u00f3ptima del sitio web:<\/span><\/b>\u00a0<br \/>\u00a0<br \/><b><span data-contrast=\"auto\">Utilizaci\u00f3n de Google Maps<\/span><\/b>\u00a0<br \/><span data-contrast=\"auto\">Este sitio web utiliza la API de Google Maps para visualmente mostrar informaci\u00f3n geogr\u00e1fica. Al utilizar Google Maps, Google tambi\u00e9n recoge, procesa y utiliza datos sobre el uso de las funciones de mapas por parte de los visitantes. Puede encontrar informaciones m\u00e1s detalladas sobre el tratamiento de datos por parte de Google en las <\/span><a href=\"https:\/\/policies.google.com\/privacy?hl=de\"><span data-contrast=\"auto\">informaciones sobre protecci\u00f3n de datos de Google<\/span><\/a><span data-contrast=\"auto\">. All\u00ed tambi\u00e9n puede cambiar sus ajustes de protecci\u00f3n de datos personales. Puede encontrar instrucciones detalladas sobre c\u00f3mo gestionar sus propios datos en relaci\u00f3n con los productos de Google <\/span><a href=\"https:\/\/support.google.com\/accounts\/answer\/3024190\"><span data-contrast=\"auto\">aqu\u00ed<\/span><\/a><span data-contrast=\"auto\">.<\/span><span data-ccp-props=\"{&quot;134233117&quot;:true,&quot;134233118&quot;:true}\">\u00a0<\/span><\/p><p><b><span data-contrast=\"auto\">Fuentes de Google Fonts<\/span><\/b>\u00a0<br \/><span data-contrast=\"auto\">Utilizamos Google Fonts en nuestro sitio web, el responsable es Google Ireland Limited (Gordon House, Barrow Street Dublin 4, Ireland). Los archivos (CSS, fuentes) se solicitan a trav\u00e9s de los dominios fonts.googleapis.com y fonts.gstatic.com. Las solicitudes de CSS y de fuentes se ejecutan por separado de los dem\u00e1s servicios de Google. Si usted tiene una cuenta de Google, no hay que preocuparse de que los datos de su cuenta de Google se transmitan mientras utiliza Google Fonts.<\/span><span data-ccp-props=\"{&quot;134233117&quot;:true,&quot;134233118&quot;:true}\">\u00a0<\/span><\/p><p><b><span data-contrast=\"auto\">Almacenamiento de los datos que nos transmite\u00a0<\/span><\/b><span data-ccp-props=\"{&quot;134233117&quot;:true,&quot;134233118&quot;:true}\">\u00a0<\/span><\/p><p><span data-contrast=\"auto\">En el caso de una reserva o una solicitud de reserva, utilizamos los datos personales facilitados por usted para la tramitaci\u00f3n del pedido. La duraci\u00f3n del almacenamiento de los datos corresponde al marco de los requisitos legales de contabilidad en el caso de los pedidos; ser\u00e1 hasta la finalizaci\u00f3n del procesamiento en el caso de las consultas y ofertas, y hasta la revocaci\u00f3n por parte del cliente en el caso de clientes habituales.<\/span>\u00a0<br \/><span data-contrast=\"auto\">Nos adherimos a los principios de evitaci\u00f3n de datos y econom\u00eda de datos, pero tambi\u00e9n debemos respetar los distintos periodos de almacenamiento previstos por el legislador.<\/span>\u00a0<br \/><span data-contrast=\"auto\">Una vez que el prop\u00f3sito respectivo ha dejado de existir o los plazos han expirado, los datos correspondientes se eliminan rutinariamente de acuerdo con las disposiciones legales.<\/span><span data-ccp-props=\"{&quot;134233117&quot;:true,&quot;134233118&quot;:true}\">\u00a0<\/span><\/p><p><b><span data-contrast=\"auto\">Cambios de nuestra declaraci\u00f3n de protecci\u00f3n de datos\u00a0<\/span><\/b><span data-ccp-props=\"{&quot;134233117&quot;:true,&quot;134233118&quot;:true}\">\u00a0<\/span><\/p><p><span data-contrast=\"auto\">Nos reservamos el derecho de adaptar esta declaraci\u00f3n de protecci\u00f3n de datos para que siempre cumpla con los requisitos legales vigentes o para implementar cambios o ampliaciones de nuestros servicios en la declaraci\u00f3n de protecci\u00f3n de datos. La declaraci\u00f3n de protecci\u00f3n de datos actual se aplicar\u00e1 entonces a su pr\u00f3xima visita.<\/span><span data-ccp-props=\"{&quot;134233117&quot;:true,&quot;134233118&quot;:true}\">\u00a0<\/span><\/p><p><b><span data-contrast=\"auto\">\u00bfQu\u00e9 derechos tiene a prop\u00f3sito de sus datos?<\/span><\/b>\u00a0<br \/><span data-contrast=\"auto\">Tiene derecho a obtener informaci\u00f3n sobre sus datos personales almacenados por nosotros.<\/span>\u00a0<br \/><span data-contrast=\"auto\">Tambi\u00e9n tiene derecho a solicitar la correcci\u00f3n, el bloqueo o la supresi\u00f3n de estos datos. Para ello, le invitamos a ponerse en contacto con nosotros en la direcci\u00f3n indicada en el aviso legal. Adem\u00e1s, tiene derecho a presentar una reclamaci\u00f3n ante la autoridad de control competente. La lista de los responsables de la protecci\u00f3n de datos y sus datos de contacto se encuentra en el siguiente enlace: <\/span><a href=\"https:\/\/www.bfdi.bund.de\/DE\/Infothek\/Anschriften_Links\/anschriften_links-node.html\"><span data-contrast=\"auto\">www.bfdi.bund.de\/DE\/\u2026<\/span><\/a><span data-contrast=\"auto\">.<\/span><span data-ccp-props=\"{&quot;134233117&quot;:true,&quot;134233118&quot;:true}\">\u00a0<\/span><\/p><p><b><span data-contrast=\"auto\">Objeci\u00f3n a los correos electr\u00f3nicos publicitarios<\/span><\/b>\u00a0<br \/><span data-contrast=\"auto\">Nos oponemos al uso de los datos de contacto publicados en nuestra declaraci\u00f3n de protecci\u00f3n de datos, en nuestro aviso legal o en otros lugares de nuestra p\u00e1gina web para el env\u00edo de material publicitario e informativo que no haya sido solicitado expresamente. Como operadores de este sitio web, nos reservamos el derecho a emprender acciones legales en caso de env\u00edo no solicitado de informaci\u00f3n publicitaria, como los correos electr\u00f3nicos basura.<\/span><span data-ccp-props=\"{&quot;134233117&quot;:true,&quot;134233118&quot;:true}\">\u00a0<\/span><\/p><p><b><span data-contrast=\"auto\">Su contacto para cuestiones relacionadas con la protecci\u00f3n de datos en este sitio web<\/span><\/b>\u00a0<br \/><span data-contrast=\"auto\">Tomamos muy en serio la protecci\u00f3n de sus datos personales. Tratamos sus datos personales de forma confidencial y de acuerdo con las normas legales de protecci\u00f3n de datos y esta declaraci\u00f3n de protecci\u00f3n de datos.<\/span>\u00a0<br \/><span data-contrast=\"auto\">La persona de contacto y el responsable es el propietario del sitio web<\/span><span data-ccp-props=\"{&quot;134233117&quot;:true,&quot;134233118&quot;:true}\">\u00a0<\/span><\/p><p><span data-contrast=\"auto\">The Heidelberg Exzellenz Hotel<\/span>\u00a0<br \/><span data-contrast=\"auto\">Rohrbacher Stra\u00dfe 29<\/span>\u00a0<br \/><span data-contrast=\"auto\">69115 Heidelberg<\/span><span data-ccp-props=\"{&quot;134233117&quot;:true,&quot;134233118&quot;:true}\">\u00a0<\/span><\/p><p><span data-contrast=\"auto\">representado por:<\/span>\u00a0<br \/><span data-contrast=\"auto\">Heidelboarding GmbH<\/span>\u00a0<br \/><span data-contrast=\"auto\">Eppelheimer Stra\u00dfe 14<\/span>\u00a0<br \/><span data-contrast=\"auto\">D-69115 Heidelberg<\/span><span data-ccp-props=\"{&quot;134233117&quot;:true,&quot;134233118&quot;:true}\">\u00a0<\/span><\/p><p><span data-contrast=\"auto\">n\u00famero de tel\u00e9fono: +49 6221 9150<\/span>\u00a0<br \/><span data-contrast=\"auto\">direcci\u00f3n de correo electr\u00f3nico: info@the-heidelberg.de<\/span><span data-ccp-props=\"{&quot;134233117&quot;:true,&quot;134233118&quot;:true}\">\u00a0<\/span><\/p>\t\t\t\t\t\t<\/div>\n\t\t\t\t<\/div>\n\t\t\t\t\t<\/div>\n\t\t<\/div>\n\t\t\t\t\t\t\t<\/div>\n\t\t<\/section>\n\t\t\t\t\t<\/div>\n\t\t<\/div>\n\t\t\t\t\t\t\t<\/div>\n\t\t<\/section>\n\t\t\t\t\t\t<\/div>\n\t\t\t\t\t<\/div>\n\t\t","protected":false},"excerpt":{"rendered":"<p>Declaraci\u00f3n de Protecci\u00f3n de Datos Informaciones:\u00a0En nuestra declaraci\u00f3n de protecci\u00f3n de datos puede obtener unas informaciones generales y sencillas de qu\u00e9 y por qu\u00e9 sucede con sus datos personales cuando visita nuestro sitio web o se pone en contacto con nosotros a trav\u00e9s de \u00e9ste.\u00a0 Cookies\u00a0No se almacenan cookies en su ordenador cuando visita nuestro [&hellip;]<\/p>\n","protected":false},"author":1,"featured_media":0,"parent":0,"menu_order":0,"comment_status":"closed","ping_status":"closed","template":"","meta":{"footnotes":""},"class_list":["post-125","page","type-page","status-publish","hentry"],"yoast_head":"<!-- This site is optimized with the Yoast SEO plugin v18.2 - https:\/\/yoast.com\/wordpress\/plugins\/seo\/ -->\n<title>Protecci\u00f3n de datos\ufffc\u00a0 - The Heidelberg Exzellenz Hotel<\/title>\n<meta name=\"robots\" content=\"index, follow, max-snippet:-1, max-image-preview:large, max-video-preview:-1\" \/>\n<link rel=\"canonical\" href=\"https:\/\/the-heidelberg.de\/es\/proteccion-de-datos\/\" \/>\n<meta property=\"og:locale\" content=\"de_DE\" \/>\n<meta property=\"og:type\" content=\"article\" \/>\n<meta property=\"og:title\" content=\"Protecci\u00f3n de datos\ufffc\u00a0 - The Heidelberg Exzellenz Hotel\" \/>\n<meta property=\"og:description\" content=\"Declaraci\u00f3n de Protecci\u00f3n de Datos Informaciones:\u00a0En nuestra declaraci\u00f3n de protecci\u00f3n de datos puede obtener unas informaciones generales y sencillas de qu\u00e9 y por qu\u00e9 sucede con sus datos personales cuando visita nuestro sitio web o se pone en contacto con nosotros a trav\u00e9s de \u00e9ste.\u00a0 Cookies\u00a0No se almacenan cookies en su ordenador cuando visita nuestro [&hellip;]\" \/>\n<meta property=\"og:url\" content=\"https:\/\/the-heidelberg.de\/es\/proteccion-de-datos\/\" \/>\n<meta property=\"og:site_name\" content=\"The Heidelberg Exzellenz Hotel\" \/>\n<meta property=\"article:modified_time\" content=\"2022-09-20T16:25:49+00:00\" \/>\n<meta name=\"twitter:card\" content=\"summary_large_image\" \/>\n<meta name=\"twitter:label1\" content=\"Gesch\u00e4tzte Lesezeit\" \/>\n\t<meta name=\"twitter:data1\" content=\"3\u00a0Minuten\" \/>\n<script type=\"application\/ld+json\" class=\"yoast-schema-graph\">{\"@context\":\"https:\/\/schema.org\",\"@graph\":[{\"@type\":\"WebSite\",\"@id\":\"https:\/\/the-heidelberg.de\/es\/#website\",\"url\":\"https:\/\/the-heidelberg.de\/es\/\",\"name\":\"The Heidelberg Exzellenz Hotel\",\"description\":\"\",\"potentialAction\":[{\"@type\":\"SearchAction\",\"target\":{\"@type\":\"EntryPoint\",\"urlTemplate\":\"https:\/\/the-heidelberg.de\/es\/?s={search_term_string}\"},\"query-input\":\"required name=search_term_string\"}],\"inLanguage\":\"de\"},{\"@type\":\"WebPage\",\"@id\":\"https:\/\/the-heidelberg.de\/es\/proteccion-de-datos\/#webpage\",\"url\":\"https:\/\/the-heidelberg.de\/es\/proteccion-de-datos\/\",\"name\":\"Protecci\u00f3n de datos\ufffc\u00a0 - The Heidelberg Exzellenz Hotel\",\"isPartOf\":{\"@id\":\"https:\/\/the-heidelberg.de\/es\/#website\"},\"datePublished\":\"2021-12-15T09:47:02+00:00\",\"dateModified\":\"2022-09-20T16:25:49+00:00\",\"breadcrumb\":{\"@id\":\"https:\/\/the-heidelberg.de\/es\/proteccion-de-datos\/#breadcrumb\"},\"inLanguage\":\"de\",\"potentialAction\":[{\"@type\":\"ReadAction\",\"target\":[\"https:\/\/the-heidelberg.de\/es\/proteccion-de-datos\/\"]}]},{\"@type\":\"BreadcrumbList\",\"@id\":\"https:\/\/the-heidelberg.de\/es\/proteccion-de-datos\/#breadcrumb\",\"itemListElement\":[{\"@type\":\"ListItem\",\"position\":1,\"name\":\"Startseite\",\"item\":\"https:\/\/the-heidelberg.de\/es\/\"},{\"@type\":\"ListItem\",\"position\":2,\"name\":\"Protecci\u00f3n de datos\ufffc\u00a0\"}]}]}<\/script>\n<!-- \/ Yoast SEO plugin. -->","yoast_head_json":{"title":"Protecci\u00f3n de datos\ufffc\u00a0 - The Heidelberg Exzellenz Hotel","robots":{"index":"index","follow":"follow","max-snippet":"max-snippet:-1","max-image-preview":"max-image-preview:large","max-video-preview":"max-video-preview:-1"},"canonical":"https:\/\/the-heidelberg.de\/es\/proteccion-de-datos\/","og_locale":"de_DE","og_type":"article","og_title":"Protecci\u00f3n de datos\ufffc\u00a0 - The Heidelberg Exzellenz Hotel","og_description":"Declaraci\u00f3n de Protecci\u00f3n de Datos Informaciones:\u00a0En nuestra declaraci\u00f3n de protecci\u00f3n de datos puede obtener unas informaciones generales y sencillas de qu\u00e9 y por qu\u00e9 sucede con sus datos personales cuando visita nuestro sitio web o se pone en contacto con nosotros a trav\u00e9s de \u00e9ste.\u00a0 Cookies\u00a0No se almacenan cookies en su ordenador cuando visita nuestro [&hellip;]","og_url":"https:\/\/the-heidelberg.de\/es\/proteccion-de-datos\/","og_site_name":"The Heidelberg Exzellenz Hotel","article_modified_time":"2022-09-20T16:25:49+00:00","twitter_card":"summary_large_image","twitter_misc":{"Gesch\u00e4tzte Lesezeit":"3\u00a0Minuten"},"schema":{"@context":"https:\/\/schema.org","@graph":[{"@type":"WebSite","@id":"https:\/\/the-heidelberg.de\/es\/#website","url":"https:\/\/the-heidelberg.de\/es\/","name":"The Heidelberg Exzellenz Hotel","description":"","potentialAction":[{"@type":"SearchAction","target":{"@type":"EntryPoint","urlTemplate":"https:\/\/the-heidelberg.de\/es\/?s={search_term_string}"},"query-input":"required name=search_term_string"}],"inLanguage":"de"},{"@type":"WebPage","@id":"https:\/\/the-heidelberg.de\/es\/proteccion-de-datos\/#webpage","url":"https:\/\/the-heidelberg.de\/es\/proteccion-de-datos\/","name":"Protecci\u00f3n de datos\ufffc\u00a0 - The Heidelberg Exzellenz Hotel","isPartOf":{"@id":"https:\/\/the-heidelberg.de\/es\/#website"},"datePublished":"2021-12-15T09:47:02+00:00","dateModified":"2022-09-20T16:25:49+00:00","breadcrumb":{"@id":"https:\/\/the-heidelberg.de\/es\/proteccion-de-datos\/#breadcrumb"},"inLanguage":"de","potentialAction":[{"@type":"ReadAction","target":["https:\/\/the-heidelberg.de\/es\/proteccion-de-datos\/"]}]},{"@type":"BreadcrumbList","@id":"https:\/\/the-heidelberg.de\/es\/proteccion-de-datos\/#breadcrumb","itemListElement":[{"@type":"ListItem","position":1,"name":"Startseite","item":"https:\/\/the-heidelberg.de\/es\/"},{"@type":"ListItem","position":2,"name":"Protecci\u00f3n de datos\ufffc\u00a0"}]}]}},"_links":{"self":[{"href":"https:\/\/the-heidelberg.de\/es\/wp-json\/wp\/v2\/pages\/125","targetHints":{"allow":["GET"]}}],"collection":[{"href":"https:\/\/the-heidelberg.de\/es\/wp-json\/wp\/v2\/pages"}],"about":[{"href":"https:\/\/the-heidelberg.de\/es\/wp-json\/wp\/v2\/types\/page"}],"author":[{"embeddable":true,"href":"https:\/\/the-heidelberg.de\/es\/wp-json\/wp\/v2\/users\/1"}],"replies":[{"embeddable":true,"href":"https:\/\/the-heidelberg.de\/es\/wp-json\/wp\/v2\/comments?post=125"}],"version-history":[{"count":31,"href":"https:\/\/the-heidelberg.de\/es\/wp-json\/wp\/v2\/pages\/125\/revisions"}],"predecessor-version":[{"id":758,"href":"https:\/\/the-heidelberg.de\/es\/wp-json\/wp\/v2\/pages\/125\/revisions\/758"}],"wp:attachment":[{"href":"https:\/\/the-heidelberg.de\/es\/wp-json\/wp\/v2\/media?parent=125"}],"curies":[{"name":"wp","href":"https:\/\/api.w.org\/{rel}","templated":true}]}}